{"id":1513,"date":"2024-11-17T09:38:21","date_gmt":"2024-11-17T09:38:21","guid":{"rendered":"https:\/\/acceptingme-therapy.com\/therapy\/"},"modified":"2025-09-26T08:14:00","modified_gmt":"2025-09-26T08:14:00","slug":"therapy","status":"publish","type":"page","link":"https:\/\/acceptingme-therapy.com\/es\/therapy\/","title":{"rendered":"Terapia"},"content":{"rendered":"\t\t<div data-elementor-type=\"wp-page\" data-elementor-id=\"1513\" class=\"elementor elementor-1513 elementor-656\" data-elementor-post-type=\"page\">\n\t\t\t\t<div class=\"elementor-element elementor-element-ac1f8d9 e-flex e-con-boxed e-con e-parent\" data-id=\"ac1f8d9\" data-element_type=\"container\" data-e-type=\"container\" data-settings=\"{&quot;background_background&quot;:&quot;classic&quot;}\">\n\t\t\t\t\t<div class=\"e-con-inner\">\n\t\t\t\t<div class=\"elementor-element elementor-element-cd51596 elementor-widget elementor-widget-heading\" data-id=\"cd51596\" data-element_type=\"widget\" data-e-type=\"widget\" data-widget_type=\"heading.default\">\n\t\t\t\t<div class=\"elementor-widget-container\">\n\t\t\t\t\t<h2 class=\"elementor-heading-title elementor-size-default\">Terapia<\/h2>\t\t\t\t<\/div>\n\t\t\t\t<\/div>\n\t\t\t\t<div class=\"elementor-element elementor-element-0712e49 elementor-widget elementor-widget-heading\" data-id=\"0712e49\" data-element_type=\"widget\" data-e-type=\"widget\" data-widget_type=\"heading.default\">\n\t\t\t\t<div class=\"elementor-widget-container\">\n\t\t\t\t\t<p class=\"elementor-heading-title elementor-size-default\">Qu\u00e9 Esperar: Nuestro Viaje Juntos<\/p>\t\t\t\t<\/div>\n\t\t\t\t<\/div>\n\t\t\t\t\t<\/div>\n\t\t\t\t<\/div>\n\t\t<div class=\"elementor-element elementor-element-3fe05f86 e-con-full e-flex e-con e-parent\" data-id=\"3fe05f86\" data-element_type=\"container\" data-e-type=\"container\" data-settings=\"{&quot;background_background&quot;:&quot;classic&quot;}\">\n\t\t<div class=\"elementor-element elementor-element-453958c1 e-con-full e-flex e-con e-child\" data-id=\"453958c1\" data-element_type=\"container\" data-e-type=\"container\">\n\t\t\t\t<div class=\"elementor-element elementor-element-515ec33d elementor-widget elementor-widget-heading\" data-id=\"515ec33d\" data-element_type=\"widget\" data-e-type=\"widget\" data-widget_type=\"heading.default\">\n\t\t\t\t<div class=\"elementor-widget-container\">\n\t\t\t\t\t<h3 class=\"elementor-heading-title elementor-size-default\">1. Consulta Inicial<\/h3>\t\t\t\t<\/div>\n\t\t\t\t<\/div>\n\t\t\t\t<div class=\"elementor-element elementor-element-117e895c elementor-widget elementor-widget-text-editor\" data-id=\"117e895c\" data-element_type=\"widget\" data-e-type=\"widget\" data-widget_type=\"text-editor.default\">\n\t\t\t\t<div class=\"elementor-widget-container\">\n\t\t\t\t\t\t\t\t\t<p>En esta primera consulta, miraremos cu\u00e1les son las razones que te han llevado a empezar terapia, los objetivos que te gustar\u00eda conseguir, y cualquier pregunta que puedas tener acerca de mi forma de trabajar. Esta consulta inicial es tambi\u00e9n una oportunidad para que ambos veamos si nos sentimos c\u00f3modos y conectados el uno con el otro. Si decidimos seguir adelante, concertaremos una primera sesi\u00f3n.<\/p>\t\t\t\t\t\t\t\t<\/div>\n\t\t\t\t<\/div>\n\t\t\t\t<\/div>\n\t\t<div class=\"elementor-element elementor-element-a893852 e-con-full e-flex e-con e-child\" data-id=\"a893852\" data-element_type=\"container\" data-e-type=\"container\" data-settings=\"{&quot;background_background&quot;:&quot;classic&quot;}\">\n\t\t\t\t<\/div>\n\t\t\t\t<\/div>\n\t\t<div class=\"elementor-element elementor-element-e9af1b2 e-con-full e-flex e-con e-parent\" data-id=\"e9af1b2\" data-element_type=\"container\" data-e-type=\"container\" data-settings=\"{&quot;background_background&quot;:&quot;classic&quot;}\">\n\t\t<div class=\"elementor-element elementor-element-ed08f1f e-con-full e-flex e-con e-child\" data-id=\"ed08f1f\" data-element_type=\"container\" data-e-type=\"container\" data-settings=\"{&quot;background_background&quot;:&quot;classic&quot;}\">\n\t\t\t\t<\/div>\n\t\t<div class=\"elementor-element elementor-element-6e0b2b9 e-con-full e-flex e-con e-child\" data-id=\"6e0b2b9\" data-element_type=\"container\" data-e-type=\"container\">\n\t\t\t\t<div class=\"elementor-element elementor-element-bf5c9a7 elementor-widget elementor-widget-heading\" data-id=\"bf5c9a7\" data-element_type=\"widget\" data-e-type=\"widget\" data-widget_type=\"heading.default\">\n\t\t\t\t<div class=\"elementor-widget-container\">\n\t\t\t\t\t<h3 class=\"elementor-heading-title elementor-size-default\">2. Evaluaci\u00f3n<\/h3>\t\t\t\t<\/div>\n\t\t\t\t<\/div>\n\t\t\t\t<div class=\"elementor-element elementor-element-a9d35ef elementor-widget elementor-widget-text-editor\" data-id=\"a9d35ef\" data-element_type=\"widget\" data-e-type=\"widget\" data-widget_type=\"text-editor.default\">\n\t\t\t\t<div class=\"elementor-widget-container\">\n\t\t\t\t\t\t\t\t\t<p>Las primeras sesiones se centrar\u00e1n en la recopilar informaci\u00f3n para entender mejor qui\u00e9n eres y lo que est\u00e1s experimentando. Esto incluye hablar de aspectos de tu vida en el pasado, experiencias significativas y retos actuales. Juntos, empezaremos a identificar patrones, puntos fuertes y \u00e1reas de crecimiento. Mi objetivo aqu\u00ed es entender tu historia desde la empat\u00eda y adaptar las sesiones de la mejor manera que apoye tus objetivos.<\/p>\t\t\t\t\t\t\t\t<\/div>\n\t\t\t\t<\/div>\n\t\t\t\t<\/div>\n\t\t\t\t<\/div>\n\t\t<div class=\"elementor-element elementor-element-9305111 e-con-full e-flex e-con e-parent\" data-id=\"9305111\" data-element_type=\"container\" data-e-type=\"container\" data-settings=\"{&quot;background_background&quot;:&quot;classic&quot;}\">\n\t\t<div class=\"elementor-element elementor-element-1ea880f e-con-full e-flex e-con e-child\" data-id=\"1ea880f\" data-element_type=\"container\" data-e-type=\"container\">\n\t\t\t\t<div class=\"elementor-element elementor-element-0ede430 elementor-widget elementor-widget-heading\" data-id=\"0ede430\" data-element_type=\"widget\" data-e-type=\"widget\" data-widget_type=\"heading.default\">\n\t\t\t\t<div class=\"elementor-widget-container\">\n\t\t\t\t\t<h3 class=\"elementor-heading-title elementor-size-default\">3. Las Sesiones de Terapia<\/h3>\t\t\t\t<\/div>\n\t\t\t\t<\/div>\n\t\t\t\t<div class=\"elementor-element elementor-element-42bb26a elementor-widget elementor-widget-text-editor\" data-id=\"42bb26a\" data-element_type=\"widget\" data-e-type=\"widget\" data-widget_type=\"text-editor.default\">\n\t\t\t\t<div class=\"elementor-widget-container\">\n\t\t\t\t\t\t\t\t\t<p>A medida que avancemos, trabajaremos en lo que est\u00e1 sucediendo en tu vida en el \u00abaqu\u00ed y ahora\u00bb. Gradualmente miraremos\u00a0 a experiencias pasadas, la cuales frecuentemente dan sentido a lo que eres hoy. Juntos, veremos c\u00f3mo pasado y presente se entrecruzan, creando espacio para la comprensi\u00f3n y el desarrollo de la resiliencia a trav\u00e9s de la aceptaci\u00f3n. Este equilibrio entre el trabajo centrado en el presente y la exploraci\u00f3n de las experiencias pasadas nos permitir\u00e1 abordar los retos actuales y entenderlos dentro en un contexto m\u00e1s amplio.<\/p>\t\t\t\t\t\t\t\t<\/div>\n\t\t\t\t<\/div>\n\t\t\t\t<\/div>\n\t\t<div class=\"elementor-element elementor-element-66103e5 e-con-full e-flex e-con e-child\" data-id=\"66103e5\" data-element_type=\"container\" data-e-type=\"container\" data-settings=\"{&quot;background_background&quot;:&quot;classic&quot;}\">\n\t\t\t\t<\/div>\n\t\t\t\t<\/div>\n\t\t<div class=\"elementor-element elementor-element-577d16d e-con-full e-flex e-con e-parent\" data-id=\"577d16d\" data-element_type=\"container\" data-e-type=\"container\" data-settings=\"{&quot;background_background&quot;:&quot;classic&quot;}\">\n\t\t<div class=\"elementor-element elementor-element-9e4c5f3 e-con-full e-flex e-con e-child\" data-id=\"9e4c5f3\" data-element_type=\"container\" data-e-type=\"container\" data-settings=\"{&quot;background_background&quot;:&quot;classic&quot;}\">\n\t\t\t\t<\/div>\n\t\t<div class=\"elementor-element elementor-element-e947c04 e-con-full e-flex e-con e-child\" data-id=\"e947c04\" data-element_type=\"container\" data-e-type=\"container\">\n\t\t\t\t<div class=\"elementor-element elementor-element-432e406 elementor-widget elementor-widget-heading\" data-id=\"432e406\" data-element_type=\"widget\" data-e-type=\"widget\" data-widget_type=\"heading.default\">\n\t\t\t\t<div class=\"elementor-widget-container\">\n\t\t\t\t\t<h3 class=\"elementor-heading-title elementor-size-default\">4. Cierre del Proceso<\/h3>\t\t\t\t<\/div>\n\t\t\t\t<\/div>\n\t\t\t\t<div class=\"elementor-element elementor-element-6123179 elementor-widget elementor-widget-text-editor\" data-id=\"6123179\" data-element_type=\"widget\" data-e-type=\"widget\" data-widget_type=\"text-editor.default\">\n\t\t\t\t<div class=\"elementor-widget-container\">\n\t\t\t\t\t\t\t\t\t<p>Es la \u00faltima fase de la terapia. Es muy importante completar este paso, porque nos permitir\u00e1 hacer balance sobre lo que se ha conseguido y te ayudar\u00e1 a gestionar por ti mismo cuando ya no tengas sesiones. Un buen final refuerza el progreso de tu proceso terap\u00e9utico, dando una sensaci\u00f3n de cierre y capacit\u00e1ndote para utilizar lo que has aprendido en tu vida diaria.<\/p>\t\t\t\t\t\t\t\t<\/div>\n\t\t\t\t<\/div>\n\t\t\t\t<\/div>\n\t\t\t\t<\/div>\n\t\t<div class=\"elementor-element elementor-element-4006dda e-flex e-con-boxed e-con e-parent\" data-id=\"4006dda\" data-element_type=\"container\" data-e-type=\"container\">\n\t\t\t\t\t<div class=\"e-con-inner\">\n\t\t\t\t<div class=\"elementor-element elementor-element-9037e37 elementor-invisible elementor-widget elementor-widget-text-editor\" data-id=\"9037e37\" data-element_type=\"widget\" data-e-type=\"widget\" data-settings=\"{&quot;_animation&quot;:&quot;fadeIn&quot;,&quot;_animation_delay&quot;:400}\" data-widget_type=\"text-editor.default\">\n\t\t\t\t<div class=\"elementor-widget-container\">\n\t\t\t\t\t\t\t\t\t<p>Las sesiones ser\u00e1n semanales, en el mismo d\u00eda y a la misma hora. Se excluir\u00e1n las semanas en las que no se ofrezcan sesiones, que ser\u00e1n notificadas con antelaci\u00f3n. Es importante que te sientas c\u00f3modo, por lo que el ritmo del trabajo en las sesiones vendr\u00e1 marcado por ti. T\u00fa decides de qu\u00e9, cu\u00e1ndo y en que profundidad exploramos los temas. La duraci\u00f3n de la terapia, por tanto, la decides t\u00fa, aunque estar\u00e9 para guiarte en este tema si lo necesitas.\u00a0<\/p>\t\t\t\t\t\t\t\t<\/div>\n\t\t\t\t<\/div>\n\t\t\t\t<div class=\"elementor-element elementor-element-341df2c elementor-widget elementor-widget-heading\" data-id=\"341df2c\" data-element_type=\"widget\" data-e-type=\"widget\" data-widget_type=\"heading.default\">\n\t\t\t\t<div class=\"elementor-widget-container\">\n\t\t\t\t\t<h1 class=\"elementor-heading-title elementor-size-default\">Especialidades<\/h1>\t\t\t\t<\/div>\n\t\t\t\t<\/div>\n\t\t\t\t<div class=\"elementor-element elementor-element-242de6e elementor-widget elementor-widget-spacer\" data-id=\"242de6e\" data-element_type=\"widget\" data-e-type=\"widget\" data-widget_type=\"spacer.default\">\n\t\t\t\t<div class=\"elementor-widget-container\">\n\t\t\t\t\t\t\t<div class=\"elementor-spacer\">\n\t\t\t<div class=\"elementor-spacer-inner\"><\/div>\n\t\t<\/div>\n\t\t\t\t\t\t<\/div>\n\t\t\t\t<\/div>\n\t\t\t\t<div class=\"elementor-element elementor-element-a743a10 elementor-widget__width-initial elementor-widget-tablet__width-initial elementor-invisible elementor-widget elementor-widget-text-editor\" data-id=\"a743a10\" data-element_type=\"widget\" data-e-type=\"widget\" data-settings=\"{&quot;_animation&quot;:&quot;fadeIn&quot;,&quot;_animation_delay&quot;:400}\" data-widget_type=\"text-editor.default\">\n\t\t\t\t<div class=\"elementor-widget-container\">\n\t\t\t\t\t\t\t\t\t<ul><li>Problemas de Concentraci\u00f3n y Enfoque, incluido el TDAH<\/li><li>Depresi\u00f3n y Ansiedad<\/li><li>Terapia Afirmativa LGBTIQ+<\/li><li>Relaciones y Sexualidad<\/li><li>Expatriados (Emigrantes)<\/li><li>Autoestima y Confianza en uno mismo<\/li><li>C\u00e1ncer de Pr\u00f3stata<\/li><li>Diversidad e Interseccionalidad<\/li><\/ul>\t\t\t\t\t\t\t\t<\/div>\n\t\t\t\t<\/div>\n\t\t\t\t<div class=\"elementor-element elementor-element-fd4bcca elementor-widget elementor-widget-spacer\" data-id=\"fd4bcca\" data-element_type=\"widget\" data-e-type=\"widget\" data-widget_type=\"spacer.default\">\n\t\t\t\t<div class=\"elementor-widget-container\">\n\t\t\t\t\t\t\t<div class=\"elementor-spacer\">\n\t\t\t<div class=\"elementor-spacer-inner\"><\/div>\n\t\t<\/div>\n\t\t\t\t\t\t<\/div>\n\t\t\t\t<\/div>\n\t\t\t\t<div class=\"elementor-element elementor-element-0d67b06 elementor-widget elementor-widget-heading\" data-id=\"0d67b06\" data-element_type=\"widget\" data-e-type=\"widget\" data-widget_type=\"heading.default\">\n\t\t\t\t<div class=\"elementor-widget-container\">\n\t\t\t\t\t<h1 class=\"elementor-heading-title elementor-size-default\">Otros temas en los que tengo experiencia<\/h1>\t\t\t\t<\/div>\n\t\t\t\t<\/div>\n\t\t\t\t<div class=\"elementor-element elementor-element-32869a2 elementor-widget elementor-widget-spacer\" data-id=\"32869a2\" data-element_type=\"widget\" data-e-type=\"widget\" data-widget_type=\"spacer.default\">\n\t\t\t\t<div class=\"elementor-widget-container\">\n\t\t\t\t\t\t\t<div class=\"elementor-spacer\">\n\t\t\t<div class=\"elementor-spacer-inner\"><\/div>\n\t\t<\/div>\n\t\t\t\t\t\t<\/div>\n\t\t\t\t<\/div>\n\t\t\t\t<div class=\"elementor-element elementor-element-432b865 elementor-widget__width-initial elementor-widget-tablet__width-initial elementor-invisible elementor-widget elementor-widget-text-editor\" data-id=\"432b865\" data-element_type=\"widget\" data-e-type=\"widget\" data-settings=\"{&quot;_animation&quot;:&quot;fadeIn&quot;,&quot;_animation_delay&quot;:400}\" data-widget_type=\"text-editor.default\">\n\t\t\t\t<div class=\"elementor-widget-container\">\n\t\t\t\t\t\t\t\t\t<ul><li>Gesti\u00f3n de la Ira<\/li><li>Dificultades Familiares<\/li><li>Cuestiones Masculinas<\/li><li>Estr\u00e9s<\/li><li>Abusos sexuales<\/li><li>Duelo<\/li><li>Soledad<\/li><li>TOC<\/li><li>Pensamientos Suicidas\u00a0\u00a0\u00a0\u00a0\u00a0\u00a0<\/li><li>Trauma<\/li><\/ul>\t\t\t\t\t\t\t\t<\/div>\n\t\t\t\t<\/div>\n\t\t\t\t<div class=\"elementor-element elementor-element-04a02e0 elementor-widget elementor-widget-spacer\" data-id=\"04a02e0\" data-element_type=\"widget\" data-e-type=\"widget\" data-widget_type=\"spacer.default\">\n\t\t\t\t<div class=\"elementor-widget-container\">\n\t\t\t\t\t\t\t<div class=\"elementor-spacer\">\n\t\t\t<div class=\"elementor-spacer-inner\"><\/div>\n\t\t<\/div>\n\t\t\t\t\t\t<\/div>\n\t\t\t\t<\/div>\n\t\t\t\t\t<\/div>\n\t\t\t\t<\/div>\n\t\t<div class=\"elementor-element elementor-element-5396732 e-flex e-con-boxed e-con e-parent\" data-id=\"5396732\" data-element_type=\"container\" data-e-type=\"container\">\n\t\t\t\t\t<div class=\"e-con-inner\">\n\t\t<div class=\"elementor-element elementor-element-584026b e-con-full e-flex e-con e-child\" data-id=\"584026b\" data-element_type=\"container\" data-e-type=\"container\">\n\t\t\t\t<div class=\"elementor-element elementor-element-d7344e2 elementor-align-center elementor-widget elementor-widget-button\" data-id=\"d7344e2\" data-element_type=\"widget\" data-e-type=\"widget\" data-widget_type=\"button.default\">\n\t\t\t\t<div class=\"elementor-widget-container\">\n\t\t\t\t\t\t\t\t\t<div class=\"elementor-button-wrapper\">\n\t\t\t\t\t<a class=\"elementor-button elementor-button-link elementor-size-sm\" href=\"https:\/\/acceptingme-therapy.com\/contact-fees\/\">\n\t\t\t\t\t\t<span class=\"elementor-button-content-wrapper\">\n\t\t\t\t\t\t\t\t\t<span class=\"elementor-button-text\">Contacto<\/span>\n\t\t\t\t\t<\/span>\n\t\t\t\t\t<\/a>\n\t\t\t\t<\/div>\n\t\t\t\t\t\t\t\t<\/div>\n\t\t\t\t<\/div>\n\t\t\t\t<\/div>\n\t\t\t\t\t<\/div>\n\t\t\t\t<\/div>\n\t\t\t\t<\/div>\n\t\t","protected":false},"excerpt":{"rendered":"<p>Terapia Qu\u00e9 Esperar: Nuestro Viaje Juntos 1. Consulta Inicial En esta primera consulta, miraremos cu\u00e1les son las razones que te han llevado a empezar terapia, los objetivos que te gustar\u00eda conseguir, y cualquier pregunta que puedas tener acerca de mi forma de trabajar. Esta consulta inicial es tambi\u00e9n una oportunidad para que ambos veamos si [&hellip;]<\/p>\n","protected":false},"author":4,"featured_media":0,"parent":0,"menu_order":0,"comment_status":"closed","ping_status":"closed","template":"","meta":{"footnotes":""},"class_list":["post-1513","page","type-page","status-publish","hentry"],"aioseo_notices":[],"_links":{"self":[{"href":"https:\/\/acceptingme-therapy.com\/es\/wp-json\/wp\/v2\/pages\/1513","targetHints":{"allow":["GET"]}}],"collection":[{"href":"https:\/\/acceptingme-therapy.com\/es\/wp-json\/wp\/v2\/pages"}],"about":[{"href":"https:\/\/acceptingme-therapy.com\/es\/wp-json\/wp\/v2\/types\/page"}],"author":[{"embeddable":true,"href":"https:\/\/acceptingme-therapy.com\/es\/wp-json\/wp\/v2\/users\/4"}],"replies":[{"embeddable":true,"href":"https:\/\/acceptingme-therapy.com\/es\/wp-json\/wp\/v2\/comments?post=1513"}],"version-history":[{"count":13,"href":"https:\/\/acceptingme-therapy.com\/es\/wp-json\/wp\/v2\/pages\/1513\/revisions"}],"predecessor-version":[{"id":1762,"href":"https:\/\/acceptingme-therapy.com\/es\/wp-json\/wp\/v2\/pages\/1513\/revisions\/1762"}],"wp:attachment":[{"href":"https:\/\/acceptingme-therapy.com\/es\/wp-json\/wp\/v2\/media?parent=1513"}],"curies":[{"name":"wp","href":"https:\/\/api.w.org\/{rel}","templated":true}]}}